{"id":186,"date":"2022-01-16T18:09:05","date_gmt":"2022-01-16T18:09:05","guid":{"rendered":"https:\/\/www.schule-kell.de\/?page_id=186"},"modified":"2024-09-15T09:32:39","modified_gmt":"2024-09-15T09:32:39","slug":"berufsorientierung","status":"publish","type":"page","link":"https:\/\/www.schule-kell.de\/?page_id=186","title":{"rendered":"Berufsorientierung"},"content":{"rendered":"<p>[et_pb_section fb_built=&#8220;1&#8243; _builder_version=&#8220;4.16&#8243; _module_preset=&#8220;default&#8220; global_colors_info=&#8220;{}&#8220;][et_pb_row _builder_version=&#8220;4.16&#8243; _module_preset=&#8220;default&#8220; custom_margin=&#8220;-27px||||false|false&#8220; global_colors_info=&#8220;{}&#8220;][et_pb_column type=&#8220;4_4&#8243; _builder_version=&#8220;4.16&#8243; _module_preset=&#8220;default&#8220; global_colors_info=&#8220;{}&#8220;][et_pb_code _builder_version=&#8220;4.16&#8243; _module_preset=&#8220;default&#8220; text_orientation=&#8220;left&#8220; custom_margin=&#8220;|||-12px|false|false&#8220; custom_padding=&#8220;|||0px|false|false&#8220; global_colors_info=&#8220;{}&#8220;]\t\t\t<!-- Flexy Breadcrumb -->\r\n\t\t\t<div class=\"fbc fbc-page\">\r\n\r\n\t\t\t\t<!-- Breadcrumb wrapper -->\r\n\t\t\t\t<div class=\"fbc-wrap\">\r\n\r\n\t\t\t\t\t<!-- Ordered list-->\r\n\t\t\t\t\t<ol class=\"fbc-items\" itemscope itemtype=\"https:\/\/schema.org\/BreadcrumbList\">\r\n\t\t\t\t\t\t            <li itemprop=\"itemListElement\" itemscope itemtype=\"https:\/\/schema.org\/ListItem\">\r\n                <span itemprop=\"name\">\r\n                    <!-- Home Link -->\r\n                    <a itemprop=\"item\" href=\"https:\/\/www.schule-kell.de\">\r\n                    \r\n                                                    <i class=\"fa fa-home\" aria-hidden=\"true\"><\/i>Start                    <\/a>\r\n                <\/span>\r\n                <meta itemprop=\"position\" content=\"1\" \/><!-- Meta Position-->\r\n             <\/li><li><span class=\"fbc-separator\">>><\/span><\/li><li class=\"active\" itemprop=\"itemListElement\" itemscope itemtype=\"https:\/\/schema.org\/ListItem\"><span itemprop=\"name\" title=\"Berufsorientierung\">Berufsorientierung<\/span><meta itemprop=\"position\" content=\"2\" \/><\/li>\t\t\t\t\t<\/ol>\r\n\t\t\t\t\t<div class=\"clearfix\"><\/div>\r\n\t\t\t\t<\/div>\r\n\t\t\t<\/div>\r\n\t\t\t[\/et_pb_code][\/et_pb_column][\/et_pb_row][et_pb_row _builder_version=&#8220;4.16&#8243; _module_preset=&#8220;default&#8220; custom_padding=&#8220;0px||0px||false|false&#8220; global_colors_info=&#8220;{}&#8220;][et_pb_column type=&#8220;4_4&#8243; _builder_version=&#8220;4.16&#8243; _module_preset=&#8220;default&#8220; global_colors_info=&#8220;{}&#8220;][et_pb_text _builder_version=&#8220;4.16&#8243; _module_preset=&#8220;default&#8220; header_text_color=&#8220;#73B42B&#8220; global_colors_info=&#8220;{}&#8220;]<\/p>\n<h1>Berufs- und Studienorientierung<\/h1>\n<p>[\/et_pb_text][\/et_pb_column][\/et_pb_row][et_pb_row column_structure=&#8220;3_5,2_5&#8243; make_equal=&#8220;on&#8220; _builder_version=&#8220;4.16&#8243; _module_preset=&#8220;default&#8220; custom_css_main_element=&#8220;align-items:center;\t||\t&#8220; global_colors_info=&#8220;{}&#8220;][et_pb_column type=&#8220;3_5&#8243; _builder_version=&#8220;4.16&#8243; _module_preset=&#8220;default&#8220; global_colors_info=&#8220;{}&#8220;][et_pb_text _builder_version=&#8220;4.16&#8243; _module_preset=&#8220;default&#8220; text_font=&#8220;Almarai||||||||&#8220; text_orientation=&#8220;justified&#8220; global_colors_info=&#8220;{}&#8220;]<\/p>\n<p>Die Unterst\u00fctzung unserer Sch\u00fcler*innen in ihrem Berufs- und Studienwahlprozess geh\u00f6rt f\u00fcr uns als Schulgemeinschaft zu einem zentralen Aspekt unseres Arbeitens. Systematisch <strong>fordern und f\u00f6rdern<\/strong> wir unsere Sch\u00fcler*innen in allen F\u00e4chern und setzen verst\u00e4rkt <strong>berufsorientierende Schwerpunkte<\/strong> in unserem <strong>Wahlpflichtfachangebot<\/strong> ab der Klassenstufe 6: <em>Hauswirtschaft und Sozialwesen<\/em> (HuS), <em>Technik und Naturwissenschaft<\/em> (TuN), <em>Wirtschaft und Verwaltung<\/em> (WuV), <em>Franz\u00f6sisch<\/em> und <em>Informatische Bildung<\/em> (IB).<\/p>\n<p>Im Zentrum der Berufs- und Studienwahl stehen unsere Sch\u00fcler*innen und dies findet seinen Ausdruck in einer <strong>sch\u00fclerorientierten und individuellen Beratung<\/strong>, Betreuung und Unterst\u00fctzung in allen Fragen rund um die <strong>berufliche Ausbildung<\/strong> und <strong>schulische Weiterbildung<\/strong>.<\/p>\n<p>[\/et_pb_text][\/et_pb_column][et_pb_column type=&#8220;2_5&#8243; _builder_version=&#8220;4.16&#8243; _module_preset=&#8220;default&#8220; global_colors_info=&#8220;{}&#8220;][et_pb_video src=&#8220;https:\/\/youtu.be\/qF7Eh5GSQvQ&#8220; _builder_version=&#8220;4.16&#8243; _module_preset=&#8220;default&#8220; border_radii=&#8220;on|1px|1px|1px|1px&#8220; border_width_all=&#8220;1px&#8220; border_color_all=&#8220;#73B42B&#8220; global_colors_info=&#8220;{}&#8220;][\/et_pb_video][\/et_pb_column][\/et_pb_row][et_pb_row column_structure=&#8220;2_5,3_5&#8243; make_equal=&#8220;on&#8220; _builder_version=&#8220;4.16&#8243; _module_preset=&#8220;default&#8220; custom_margin=&#8220;||40px||false|false&#8220; custom_css_main_element=&#8220;align-items:center;\t&#8220; global_colors_info=&#8220;{}&#8220;][et_pb_column type=&#8220;2_5&#8243; _builder_version=&#8220;4.16&#8243; _module_preset=&#8220;default&#8220; global_colors_info=&#8220;{}&#8220;][et_pb_image src=&#8220;https:\/\/www.schule-kell.de\/wp-content\/uploads\/2022\/02\/BSO-Konzept-allgemein.png&#8220; title_text=&#8220;BSO Konzept allgemein&#8220; show_in_lightbox=&#8220;on&#8220; use_overlay=&#8220;on&#8220; hover_icon=&#8220;&#x54;||divi||400&#8243; _builder_version=&#8220;4.16&#8243; _module_preset=&#8220;default&#8220; global_colors_info=&#8220;{}&#8220;][\/et_pb_image][\/et_pb_column][et_pb_column type=&#8220;3_5&#8243; _builder_version=&#8220;4.16&#8243; _module_preset=&#8220;default&#8220; global_colors_info=&#8220;{}&#8220;][et_pb_text _builder_version=&#8220;4.16&#8243; _module_preset=&#8220;default&#8220; text_font=&#8220;Almarai||||||||&#8220; text_orientation=&#8220;justified&#8220; global_colors_info=&#8220;{}&#8220;]<\/p>\n<p>Ein <strong>hoher Praxisbezug<\/strong> ist dabei selbstverst\u00e4ndlich, was f\u00fcr uns als Schule wiederum bedeutet, eng und vertrauensvoll mit <strong>lokalen und regionalen Handwerks- und Industriebetrieben<\/strong> zusammenzuarbeiten und zugleich einen Lebensbezug f\u00fcr unsere Sch\u00fcler*innen herzustellen. Dabei richtet sich unser Blick zugleich auf eine <strong>fr\u00fchzeitige und begleitende Schullaufbahnberatung<\/strong>, um einen erfolgreichen Schulbesuch zu gew\u00e4hrleisten und problemlosen \u00dcbergang in die Duale Ausbildung bzw. an eine weiterf\u00fchrende Schule zu erm\u00f6glichen.<\/p>\n<p>Organisiert, koordiniert und begleitet werden die berufs- und studienorientierenden Ma\u00dfnahmen durch unser BO-Team: Herr Weyrich (Berufswahlkoordination), Herr Ilm (Praxistagkoordinator), Frau Maas (Berufsberaterin) und Frau Pfeiffer (\u00dcbergangs-Coachin).<\/p>\n<p>[\/et_pb_text][\/et_pb_column][\/et_pb_row][et_pb_row _builder_version=&#8220;4.16&#8243; _module_preset=&#8220;default&#8220; global_colors_info=&#8220;{}&#8220;][et_pb_column type=&#8220;4_4&#8243; _builder_version=&#8220;4.16&#8243; _module_preset=&#8220;default&#8220; global_colors_info=&#8220;{}&#8220;][et_pb_text _builder_version=&#8220;4.16&#8243; _module_preset=&#8220;default&#8220; header_text_color=&#8220;#73B42B&#8220; global_colors_info=&#8220;{}&#8220;]<\/p>\n<h1>Weitere Informationen<\/h1>\n<p>[\/et_pb_text][et_pb_tabs active_tab_background_color=&#8220;#ffffff&#8220; _builder_version=&#8220;4.22.1&#8243; _module_preset=&#8220;default&#8220; tab_text_color=&#8220;#73B42B&#8220; body_font=&#8220;Almarai||||||||&#8220; body_text_align=&#8220;justify&#8220; tab_font=&#8220;Almarai||||||||&#8220; global_colors_info=&#8220;{}&#8220;][et_pb_tab title=&#8220;Was macht der \u00dcbergangscoach?&#8220; _builder_version=&#8220;4.16&#8243; _module_preset=&#8220;default&#8220; tab_text_color=&#8220;#1B9DD9&#8243; body_link_font=&#8220;Almarai||||||||&#8220; body_link_text_color=&#8220;#73B42B&#8220; global_colors_info=&#8220;{}&#8220;]<\/p>\n<p>Der \u00dcbergangscoach ist ein kostenloses und freiwilliges F\u00f6rderprojekt des rheinland- pf\u00e4lzischen Ministeriums f\u00fcr Bildung f\u00fcr Sch\u00fcler\/Innen der 8. Und 9. Klasse des Berufsreifezweigs.<\/p>\n<p>Ziel des Projektes ist es, Sch\u00fclerinnen und Sch\u00fcler auf den \u00dcbergang von der Schule in die Ausbildung vorzubereiten und sie dabei unterst\u00fctzend zu begleiten.<\/p>\n<p><strong>Wer kann teilnehmen?<\/strong><\/p>\n<p>Das Projekt richtet sich an Sch\u00fcler und Sch\u00fclerinnen, die die achte oder neunte Klasse im Berufsreifezweig absolvieren und nach dem Schulabschluss eine betriebliche Ausbildung anstreben. Wichtig f\u00fcr die Aufnahme ist, dass die Sch\u00fcler\/Innen an der Potenzialanalyse Profil AC teilgenommen haben.<\/p>\n<p>Was macht der \u00dcbergangscoach?<\/p>\n<p><strong>Der \u00dcbergangscoach unterst\u00fctzt Sch\u00fclerinnen und Sch\u00fcler der 8. und 9. Klasse mit besonderem Interesse an einer guten Berufswahlvorbereitung. <\/strong><\/p>\n<p><strong>Im Rahmen der beruflichen Orientierung werden Einzel und Gruppenangebote durchgef\u00fchrt:<\/strong><\/p>\n<ul>\n<li>Unterst\u00fctzung beim Herausfinden und Kennenlernen der eigenen St\u00e4rken, Interesse und F\u00e4higkeiten \u2013 wichtig f\u00fcr die passgenaue Berufsfindung\/ Berufswahlentscheidung<\/li>\n<li>Information \u00fcber verschiedene Berufsfelder und Berufsbilder, sowie Berufsorientierungswebsites wie \u201eBerufe.net\u201c oder \u201ePlanet- Berufe\u201c zum Selbsterkunden sowie Information \u00fcber Zugangsvoraussetzung und Anforderungskriterien in verschiedenen Berufen und Betrieben.<\/li>\n<li>Recherche nach geeigneten Praktikums- und Ausbildungsbetrieben in Wohnortn\u00e4he der Sch\u00fcler\/Innen.<\/li>\n<li>Unterst\u00fctzung bei der Praktikums- und Ausbildungsplatzsuche<\/li>\n<li>Bewerbungstraining\/Kommunikationstraining\/Pr\u00e4sentation<\/li>\n<li>Training sozialer Kompetenzen (z. B Konflikt- und Kommunikationsf\u00e4higkeit, Verantwortungsbewusstsein)<\/li>\n<li>Vermittlung von Medienkompetenz, EDV-Training im Bewerbungszusammenhang<\/li>\n<li>Intensive Vorbereitung und Begleitung des Blockpraktikums und dem anschlie\u00dfenden Praxistag<\/li>\n<li>Reflektion des Blockpraktikums, Training in realistischer Selbst- und Fremdeinsch\u00e4tzung im Kontext auf m\u00f6gliche berufliche Perspektiven<\/li>\n<li>Ausbildungsplatzrecherche, Erstellen von aktuellen und ordentlichen Bewerbungsunterlagen<\/li>\n<li>Vorbereitung auf Vorstellungsgespr\u00e4che<\/li>\n<li>Nach Ausbildungsplatzzusage: Vorbereitung auf die Ausbildung, Kennenlernen der Abl\u00e4ufe und Hilfestellung bei der Organisation wichtiger Dokumente u.\u00e4.<\/li>\n<li>Information \u00fcber Hilfsangebote w\u00e4hrend der Ausbildung, sowie \u00fcber externe Unterst\u00fctzungsangebote\u00a0\u00a0<\/li>\n<li>W\u00e4hrend des gesamten Projekts: enge Zusammenarbeit mit Netzwerkpartnern (Schulsozialarbeit, Lehrern, Schulleitung, Arbeitsagentur und Erziehungsberechtigten)<\/li>\n<\/ul>\n<p>[\/et_pb_tab][et_pb_tab title=&#8220;Was macht die Berufsberatung?&#8220; _builder_version=&#8220;4.22.1&#8243; _module_preset=&#8220;default&#8220; tab_text_color=&#8220;#1B9DD9&#8243; body_link_font=&#8220;Almarai||||||||&#8220; body_link_text_color=&#8220;#73B42B&#8220; global_colors_info=&#8220;{}&#8220;]<\/p>\n<p><strong><img decoding=\"async\" src=\"https:\/\/www.schule-kell.de\/wp-content\/uploads\/2022\/03\/Agentur-300x35.png\" alt=\"\" class=\"wp-image-1040 alignnone size-medium\" width=\"100%\" \/><\/strong><\/p>\n<p><strong><\/strong><\/p>\n<p><strong>Luisa Maas<\/strong><\/p>\n<p><strong><img loading=\"lazy\" decoding=\"async\" src=\"https:\/\/www.schule-kell.de\/wp-content\/uploads\/2024\/06\/Foto_Maas_Luisa-300x200.jpeg\" width=\"300\" height=\"200\" alt=\"\" class=\"wp-image-2130 alignnone size-medium\" \/><\/strong><\/p>\n<p>Berufsberaterin in der Agentur f\u00fcr Arbeit Trier<\/p>\n<p><strong>Schule &#8211; und dann? Du entscheidest \u00fcber deine berufliche Zuku<\/strong><\/p>\n<p><strong>nft. Hierbei unterst\u00fctze ich dich gerne, insbesondere dann,<br \/>wenn du noch keine konkrete Vorstellung davon hast, wie es nach deiner Schulzeit weitergehen k\u00f6nnte.<br \/>Finde heraus, was das Beste f\u00fcr dich ist und welchen Weg du nach der Schule einschlagen m\u00f6chtest.<br \/>Lerne die Ausbildungswelt gemeinsam mit mir kennen! <\/strong><\/p>\n<p><strong>\u00a0<\/strong><\/p>\n<p>Meine Unterst\u00fctzung richtet sich an alle Sch\u00fclerinnen und Sch\u00fcler, deren Eltern\/Erziehungsberechtigte und an Lehrerinnen und Lehrer.<\/p>\n<p>&nbsp;<\/p>\n<p>&nbsp;<\/p>\n<p><u>MEIN ANGEBOT: <\/u><\/p>\n<ul>\n<li><strong>Individuelle und neutrale Berufsberatung:<\/strong><\/li>\n<\/ul>\n<p>Egal ob in der Schule oder in der Agentur f\u00fcr Arbeit, mit deinen Eltern, Lehrkr\u00e4ften oder alleine &#8211; sprich mit mir \u00fcber deine beruflichen Vorstellungen. Das hilft dich beruflich zu orientieren und die geeignete Berufsentscheidung zu treffen.<\/p>\n<ul>\n<li><strong>Beratungen zu weiterf\u00fchrenden Schulen und anderen M\u00f6glichkeiten:<\/strong><\/li>\n<\/ul>\n<p>Finde heraus, welcher Weg f\u00fcr dich der richtige ist, um dein sp\u00e4teres berufliches Ziel zu erreichen. Ich erarbeite mit dir die weiterf\u00fchrenden schulischen M\u00f6glichkeiten. M\u00f6chtest du erstmal keine weiterf\u00fchrende Schule besuchen oder eine Ausbildung beginnen? Dann tauschen wir uns \u00fcber eventuelle \u00dcberbr\u00fcckungsm\u00f6glichkeiten aus.<\/p>\n<ul>\n<li><strong>Adressen und Informationen zu offenen Ausbildungsstellen:<\/strong><\/li>\n<\/ul>\n<p>Hast du deinen Wunschberuf gefunden? Dann sende ich dir auf Wunsch offene Ausbildungsangebote zu. So bekommst du einen \u00dcberblick, welche Betriebe in dem Jahr Ausbildungsstellen anbieten und kannst entscheiden, ob du dich dort bewerben m\u00f6chtest.<\/p>\n<ul>\n<li><strong>Hilfe bei der Bewerbung:<\/strong><\/li>\n<\/ul>\n<p>Bringe deine Bewerbungsunterlagen mit oder sende mir diese zu! Ich gebe dir hierzu Tipps und berate dich zu den unterschiedlichen Bewerbungsstrategien. So schaffen wir Unsicherheiten beim Verfassen von Bewerbungsunterlagen und dem Durchlaufen von Bewerbungsverfahren aus dem Weg!<\/p>\n<ul>\n<li><strong>Berufswahltest:<\/strong><\/li>\n<\/ul>\n<p>Du wei\u00dft noch nicht so ganz genau, welcher Beruf f\u00fcr dich in Frage kommt? Wenn wir im Gespr\u00e4ch nicht weiterkommen, dann hilft dir vielleicht der Berufswahltest bei der Agentur f\u00fcr Arbeit Trier, deine St\u00e4rken und beruflichen Interessen herauszufinden. Das Testergebnis besprechen wir gemeinsam.<\/p>\n<ul>\n<li><strong>Wie erreichst du mich?<\/strong><\/li>\n<\/ul>\n<p>Ich biete donnerstagvormittags eine Sprechzeit an der Realschule plus Konz an. Oder melde dich zu einem Beratungstermin in der Schule oder der Arbeitsagentur an<\/p>\n<p>&nbsp;<\/p>\n<p><u>Mein Serviceangebot im \u00dcberblick<\/u><\/p>\n<ul>\n<li>Orientierung \u00fcber berufliche M\u00f6glichkeiten und Fragen der Berufswahl<\/li>\n<li>pers\u00f6nliche Berufsberatung in Einzelgespr\u00e4chen<\/li>\n<li>Kl\u00e4rung individueller F\u00e4higkeiten, Interessen und Eignungen f\u00fcr bestimmte Berufe<\/li>\n<li>Informationen \u00fcber Zugangsvoraussetzungen an beruflichen Schulen<\/li>\n<li>Erarbeitung von beruflichen Alternativen<\/li>\n<li>Beratung zu F\u00f6rderm\u00f6glichkeiten<\/li>\n<li>Beratung zu weiterf\u00fchrenden Schulen<\/li>\n<li>Hilfen bei der Bewerbung<\/li>\n<li>Vermittlung von Ausbildungsstellen<\/li>\n<\/ul>\n<p>&nbsp;<\/p>\n<p><u>Meine Kontaktdaten<\/u><\/p>\n<p><strong>kostenlose Servicenummer<\/strong>: <strong>0800 4555500<\/strong><\/p>\n<p><strong>E-Mail<\/strong>: <a href=\"mailto:Trier.Berufsberatung@arbeitsagentur.de\">Trier.Berufsberatung@arbeitsagentur.de<\/a><\/p>\n<p><strong>Anschrift:<\/strong> Agentur f\u00fcr Arbeit Trier, Dasbachstra\u00dfe 9, 54292 Trier<\/p>\n<p>[\/et_pb_tab][et_pb_tab title=&#8220;Was macht man im Praxistag und wie gestaltet sich dieser?&#8220; _builder_version=&#8220;4.16&#8243; _module_preset=&#8220;default&#8220; tab_text_color=&#8220;#1B9DD9&#8243; body_link_font=&#8220;Almarai||||||||&#8220; body_link_text_color=&#8220;#73B42B&#8220; global_colors_info=&#8220;{}&#8220;]<\/p>\n<p>Wir f\u00fchren in der Klassenstufe 9 im Bildungsgang Berufsreife den w\u00f6chentlichen Praxistag durch. Das hei\u00dft, die Sch\u00fcler gehen donnerstags ganzt\u00e4gig in einen selbstgew\u00e4hlten Praktikumsbetrieb und lernen somit einen Ausbildungsberuf und den Betrieb \u00fcber einen l\u00e4ngeren Zeitraum kennen. Dieses regelm\u00e4\u00dfige Erleben eines Berufes bzw. Berufsfeldes f\u00f6rdert die Selbst\u00e4ndigkeit und die Ausbildungsreife, schafft engere Kontakte zur Arbeitswelt und f\u00fchrt zum dualen Ausbildungssystem hin. Ein Ziel ist dabei nat\u00fcrlich, im Praktikumsbetrieb m\u00f6glichst nahtlos auch eine Ausbildungsstelle zu erhalten. Dies ist in der Tat auch oft der Fall.<\/p>\n<p>Vor- und nachbereitet wird der Praxistag durch mehrt\u00e4gige Projekte, die von externen Partnern im Klassenverband durchgef\u00fchrt werden. Dabei kann es, je nach Bedarf, um die realistische Einsch\u00e4tzung eigener Neigungen und F\u00e4higkeiten, Informationen zu Berufsfeldern oder Strategien zur Entscheidungsfindung gehen.<\/p>\n<p>Dem Praxistag unmittelbar voraus geht ein zweiw\u00f6chiges Blockpraktikum im gew\u00e4hlten Praxistagbetrieb, bei dem das Kennenlernen des Betriebes und die Einf\u00fchrung in die beruflichen Anforderungen im Vordergrund stehen. W\u00e4hrend des Praxiszeitraums wird ein Portfolio gef\u00fchrt, dass die F\u00e4higkeiten, Fertigkeiten und St\u00e4rken dokumentiert. Zum Abschluss des Praxistages erhalten die Sch\u00fcler ein Zertifikat, auf dem Ihnen die Teilnahme und die vermittelten beruflichen Inhalte bescheinigt werden.<\/p>\n<p>Zudem erf\u00e4hrt der Praxistag im Rahmen des Tags der Berufs- und Studienorientierung seine Wertsch\u00e4tzung, da die Praxistagsch\u00fcler*innen externen Lern- und Kooperationspartnern in einer Pr\u00e4sentation ihren Betrieb, ihre T\u00e4tigkeiten und ein selbstst\u00e4ndig ausgearbeitetes Produkt, welches im Verlauf des Praxistages entstanden ist, pr\u00e4sentieren.<\/p>\n<p>Als Ansprechpartner steht unser Praxistagkoordinator Herr Ilm sowohl den Sch\u00fcler*innen als auch den Eltern und Erziehungsberechtigten beratend und unterst\u00fctzend zur Seite.<\/p>\n<p>[\/et_pb_tab][et_pb_tab title=&#8220;Downloads&#8220; _builder_version=&#8220;4.16&#8243; _module_preset=&#8220;default&#8220; tab_text_color=&#8220;#1B9DD9&#8243; body_link_font=&#8220;Almarai||||||||&#8220; body_link_text_color=&#8220;#73B42B&#8220; global_colors_info=&#8220;{}&#8220;]<a href=\"https:\/\/www.schule-kell.de\/wp-content\/uploads\/2022\/02\/Pra\u0308sentation-Betriebspraktikum.pdf\" target=\"_blank\" rel=\"noopener\"><i class=\"fa-thin fa-file-pdf\"><\/i>\u00a0 \u00a0 Pr\u00e4sentation Betriebspraktikum<\/a><\/p>\n<p><a href=\"https:\/\/www.schule-kell.de\/wp-content\/uploads\/2022\/01\/Broschu\u0308re-BO-Konzept.pdf\" target=\"_blank\" rel=\"noopener\"><i class=\"fa-thin fa-file-pdf\"><\/i>\u00a0 \u00a0 Brosch\u00fcre Berufsorientierungskonzept<\/a><\/p>\n<p><a href=\"https:\/\/www.schule-kell.de\/wp-content\/uploads\/2022\/02\/BSO-Konzept-allgemein.pdf\" target=\"_blank\" rel=\"noopener\"><i class=\"fa-thin fa-file-pdf\"><\/i>\u00a0 \u00a0 Konzept der Berufs- und Studienorientierung<\/a><\/p>\n<p><a href=\"https:\/\/www.schule-kell.de\/wp-content\/uploads\/2022\/03\/Handzettel_BB_Online_Dienstleistungsangebote.pdf\" rel=\"attachment noopener wp-att-1045\" target=\"_blank\"><i class=\"fa-thin fa-file-pdf\"><\/i>\u00a0\u00a0\u00a0 Handzettel Berufsberatung Online<\/a>[\/et_pb_tab][\/et_pb_tabs][\/et_pb_column][\/et_pb_row][et_pb_row _builder_version=&#8220;4.16&#8243; _module_preset=&#8220;default&#8220; global_colors_info=&#8220;{}&#8220;][et_pb_column type=&#8220;4_4&#8243; _builder_version=&#8220;4.16&#8243; _module_preset=&#8220;default&#8220; global_colors_info=&#8220;{}&#8220;][\/et_pb_column][\/et_pb_row][\/et_pb_section]<\/p>\n","protected":false},"excerpt":{"rendered":"<p>\t\t\t<!-- Flexy Breadcrumb -->\r\n\t\t\t<div class=\"fbc fbc-page\">\r\n\r\n\t\t\t\t<!-- Breadcrumb wrapper -->\r\n\t\t\t\t<div class=\"fbc-wrap\">\r\n\r\n\t\t\t\t\t<!-- Ordered list-->\r\n\t\t\t\t\t<ol class=\"fbc-items\" itemscope itemtype=\"https:\/\/schema.org\/BreadcrumbList\">\r\n\t\t\t\t\t\t            <li itemprop=\"itemListElement\" itemscope itemtype=\"https:\/\/schema.org\/ListItem\">\r\n                <span itemprop=\"name\">\r\n                    <!-- Home Link -->\r\n                    <a itemprop=\"item\" href=\"https:\/\/www.schule-kell.de\">\r\n                    \r\n                                                    <i class=\"fa fa-home\" aria-hidden=\"true\"><\/i>Start                    <\/a>\r\n                <\/span>\r\n                <meta itemprop=\"position\" content=\"1\" \/><!-- Meta Position-->\r\n             <\/li><li><span class=\"fbc-separator\">>><\/span><\/li><li class=\"active\" itemprop=\"itemListElement\" itemscope itemtype=\"https:\/\/schema.org\/ListItem\"><span itemprop=\"name\" title=\"Berufsorientierung\">Berufsorientierung<\/span><meta itemprop=\"position\" content=\"2\" \/><\/li>\t\t\t\t\t<\/ol>\r\n\t\t\t\t\t<div class=\"clearfix\"><\/div>\r\n\t\t\t\t<\/div>\r\n\t\t\t<\/div>\r\n\t\t\tBerufs- und StudienorientierungDie Unterst\u00fctzung unserer Sch\u00fcler*innen in ihrem Berufs- und Studienwahlprozess geh\u00f6rt f\u00fcr uns als Schulgemeinschaft zu einem zentralen Aspekt unseres Arbeitens. Systematisch fordern und f\u00f6rdern wir unsere Sch\u00fcler*innen in allen F\u00e4chern und setzen verst\u00e4rkt berufsorientierende Schwerpunkte in unserem Wahlpflichtfachangebot ab der Klassenstufe 6: Hauswirtschaft und Sozialwesen (HuS), Technik und Naturwissenschaft (TuN), Wirtschaft und Verwaltung [&hellip;]<\/p>\n","protected":false},"author":1,"featured_media":0,"parent":0,"menu_order":0,"comment_status":"closed","ping_status":"closed","template":"","meta":{"_et_pb_use_builder":"on","_et_pb_old_content":"<!-- wp:divi\/placeholder \/-->","_et_gb_content_width":"","footnotes":""},"class_list":["post-186","page","type-page","status-publish","hentry"],"_links":{"self":[{"href":"https:\/\/www.schule-kell.de\/index.php?rest_route=\/wp\/v2\/pages\/186","targetHints":{"allow":["GET"]}}],"collection":[{"href":"https:\/\/www.schule-kell.de\/index.php?rest_route=\/wp\/v2\/pages"}],"about":[{"href":"https:\/\/www.schule-kell.de\/index.php?rest_route=\/wp\/v2\/types\/page"}],"author":[{"embeddable":true,"href":"https:\/\/www.schule-kell.de\/index.php?rest_route=\/wp\/v2\/users\/1"}],"replies":[{"embeddable":true,"href":"https:\/\/www.schule-kell.de\/index.php?rest_route=%2Fwp%2Fv2%2Fcomments&post=186"}],"version-history":[{"count":28,"href":"https:\/\/www.schule-kell.de\/index.php?rest_route=\/wp\/v2\/pages\/186\/revisions"}],"predecessor-version":[{"id":2250,"href":"https:\/\/www.schule-kell.de\/index.php?rest_route=\/wp\/v2\/pages\/186\/revisions\/2250"}],"wp:attachment":[{"href":"https:\/\/www.schule-kell.de\/index.php?rest_route=%2Fwp%2Fv2%2Fmedia&parent=186"}],"curies":[{"name":"wp","href":"https:\/\/api.w.org\/{rel}","templated":true}]}}